{"id":2323,"date":"2023-08-29T18:13:54","date_gmt":"2023-08-29T21:13:54","guid":{"rendered":"http:\/\/www.compras.ma.gov.br\/portal\/?page_id=2323"},"modified":"2023-08-29T18:23:06","modified_gmt":"2023-08-29T21:23:06","slug":"tutoriais-cadastro-e-fornecedor","status":"publish","type":"page","link":"http:\/\/www.compras.ma.gov.br\/portal\/tutoriais-e-fornecedor\/tutoriais-cadastro-e-fornecedor\/","title":{"rendered":"TUTORIAIS &#8211; CADASTRO E-FORNECEDOR"},"content":{"rendered":"<ul>\n<li><strong>No\u00e7\u00f5es Gerais<\/strong><\/li>\n<\/ul>\n<p><iframe loading=\"lazy\" title=\"No\u00e7\u00f5es Gerais (E-Fornecedor)\" width=\"500\" height=\"281\" src=\"https:\/\/www.youtube.com\/embed\/qLGhSU20i-Q?list=PL4m94SaYli4XHPZG4ASMCaAP1sfwsE1s-\" frameborder=\"0\" allow=\"accelerometer; autoplay; clipboard-write; encrypted-media; gyroscope; picture-in-picture; web-share\" referrerpolicy=\"strict-origin-when-cross-origin\" allowfullscreen><\/iframe><\/p>\n<ul>\n<li><strong>Cadastro do Representante\u00a0<\/strong><\/li>\n<\/ul>\n<p><iframe loading=\"lazy\" title=\"Autocadastro (E-fornecedor)\" width=\"500\" height=\"281\" src=\"https:\/\/www.youtube.com\/embed\/zpCChvjNG28?list=PL4m94SaYli4XHPZG4ASMCaAP1sfwsE1s-\" frameborder=\"0\" allow=\"accelerometer; autoplay; clipboard-write; encrypted-media; gyroscope; picture-in-picture; web-share\" referrerpolicy=\"strict-origin-when-cross-origin\" allowfullscreen><\/iframe><\/p>\n<ul>\n<li><strong>Cadastro de Empresa\u00a0<\/strong><\/li>\n<\/ul>\n<p><iframe loading=\"lazy\" title=\"Cadastro de Empresa (E-Fornecedor)\" width=\"500\" height=\"281\" src=\"https:\/\/www.youtube.com\/embed\/7Yw-VVRXZd0?list=PL4m94SaYli4XHPZG4ASMCaAP1sfwsE1s-\" frameborder=\"0\" allow=\"accelerometer; autoplay; clipboard-write; encrypted-media; gyroscope; picture-in-picture; web-share\" referrerpolicy=\"strict-origin-when-cross-origin\" allowfullscreen><\/iframe><\/p>\n<ul>\n<li><strong>Nova Representa\u00e7\u00e3o\u00a0<\/strong><\/li>\n<\/ul>\n<p><iframe loading=\"lazy\" title=\"Nova Representa\u00e7\u00e3o (E-Fornecedor)\" width=\"500\" height=\"281\" src=\"https:\/\/www.youtube.com\/embed\/5F5IO4wiyG8?list=PL4m94SaYli4XHPZG4ASMCaAP1sfwsE1s-\" frameborder=\"0\" allow=\"accelerometer; autoplay; clipboard-write; encrypted-media; gyroscope; picture-in-picture; web-share\" referrerpolicy=\"strict-origin-when-cross-origin\" allowfullscreen><\/iframe><\/p>\n<ul>\n<li><strong>Migra\u00e7\u00e3o para Cadastro Completo (Emiss\u00e3o de CRC)<\/strong><\/li>\n<\/ul>\n<p><iframe loading=\"lazy\" title=\"Migra\u00e7\u00e3o Cadastro Completo (E-Fornecedor)\" width=\"500\" height=\"281\" src=\"https:\/\/www.youtube.com\/embed\/6YepPLCP2sM?list=PL4m94SaYli4XHPZG4ASMCaAP1sfwsE1s-\" frameborder=\"0\" allow=\"accelerometer; autoplay; clipboard-write; encrypted-media; gyroscope; picture-in-picture; web-share\" referrerpolicy=\"strict-origin-when-cross-origin\" allowfullscreen><\/iframe><\/p>\n","protected":false},"excerpt":{"rendered":"<p>No\u00e7\u00f5es Gerais Cadastro do Representante\u00a0 Cadastro de Empresa\u00a0 Nova Representa\u00e7\u00e3o\u00a0 Migra\u00e7\u00e3o para Cadastro Completo (Emiss\u00e3o de CRC)<\/p>\n","protected":false},"author":2,"featured_media":0,"parent":488,"menu_order":0,"comment_status":"closed","ping_status":"closed","template":"","meta":{"footnotes":""},"class_list":["post-2323","page","type-page","status-publish","hentry"],"_links":{"self":[{"href":"http:\/\/www.compras.ma.gov.br\/portal\/wp-json\/wp\/v2\/pages\/2323","targetHints":{"allow":["GET"]}}],"collection":[{"href":"http:\/\/www.compras.ma.gov.br\/portal\/wp-json\/wp\/v2\/pages"}],"about":[{"href":"http:\/\/www.compras.ma.gov.br\/portal\/wp-json\/wp\/v2\/types\/page"}],"author":[{"embeddable":true,"href":"http:\/\/www.compras.ma.gov.br\/portal\/wp-json\/wp\/v2\/users\/2"}],"replies":[{"embeddable":true,"href":"http:\/\/www.compras.ma.gov.br\/portal\/wp-json\/wp\/v2\/comments?post=2323"}],"version-history":[{"count":0,"href":"http:\/\/www.compras.ma.gov.br\/portal\/wp-json\/wp\/v2\/pages\/2323\/revisions"}],"up":[{"embeddable":true,"href":"http:\/\/www.compras.ma.gov.br\/portal\/wp-json\/wp\/v2\/pages\/488"}],"wp:attachment":[{"href":"http:\/\/www.compras.ma.gov.br\/portal\/wp-json\/wp\/v2\/media?parent=2323"}],"curies":[{"name":"wp","href":"https:\/\/api.w.org\/{rel}","templated":true}]}}